{"id":4168,"date":"2020-12-04T21:44:06","date_gmt":"2020-12-04T21:44:06","guid":{"rendered":"https:\/\/www.selvatica.com.mx\/?page_id=4168"},"modified":"2022-11-21T17:17:22","modified_gmt":"2022-11-21T17:17:22","slug":"aviso-de-privacidade","status":"publish","type":"page","link":"https:\/\/www.selvatica.com.mx\/pt-br\/aviso-de-privacidade\/","title":{"rendered":"Privacy Notice"},"content":{"rendered":"\t\t<div data-elementor-type=\"wp-page\" data-elementor-id=\"4168\" class=\"elementor elementor-4168 elementor-4132\" data-elementor-post-type=\"page\">\n\t\t\t\t\t\t<section class=\"elementor-section elementor-top-section elementor-element elementor-element-be26322 elementor-section-boxed elementor-section-height-default elementor-section-height-default\" data-id=\"be26322\" data-element_type=\"section\" data-e-type=\"section\">\n\t\t\t\t\t\t<div class=\"elementor-container elementor-column-gap-default\">\n\t\t\t\t\t<div class=\"elementor-column elementor-col-100 elementor-top-column elementor-element elementor-element-eca7af7\" data-id=\"eca7af7\" data-element_type=\"column\" data-e-type=\"column\">\n\t\t\t<div class=\"elementor-widget-wrap elementor-element-populated\">\n\t\t\t\t\t\t<div class=\"elementor-element elementor-element-ed1c2de elementor-widget elementor-widget-heading\" data-id=\"ed1c2de\" data-element_type=\"widget\" data-e-type=\"widget\" data-widget_type=\"heading.default\">\n\t\t\t\t<div class=\"elementor-widget-container\">\n\t\t\t\t\t<h2 class=\"elementor-heading-title elementor-size-default\">Aviso de privacidade<\/h2>\t\t\t\t<\/div>\n\t\t\t\t<\/div>\n\t\t\t\t<div class=\"elementor-element elementor-element-4945d43 elementor-widget elementor-widget-text-editor\" data-id=\"4945d43\" data-element_type=\"widget\" data-e-type=\"widget\" data-widget_type=\"text-editor.default\">\n\t\t\t\t<div class=\"elementor-widget-container\">\n\t\t\t\t\t\t\t\t\t<p>Este Aviso de Privacidade \u00e9 emitido em conformidade com as disposi\u00e7\u00f5es da Lei Federal sobre Prote\u00e7\u00e3o de Dados Pessoais Detidos por Partes Privadas (doravante a\u00a0<i>\u201cLei<\/i>\u201c), seus regulamentos (os \u201c<i>Regulamentos<\/i>\u201c) e os Regulamentos (UE) 2016\/679 do Parlamento Europeu e do Conselho, de 27 de abril de 2016 (conhecido como \u201c<i>RGPD<\/i>\u201c)<\/p><ol><li><b>RESPONS\u00c1VEL:<\/b>\u00a0A empresa\u00a0<b>RESERVA BENGALA SA DE CV<\/b>\u00a0com endere\u00e7o na Blvd. Kukulcan Km. 25 Hotel Zone, Canc\u00fan, Quintana Roo, CP 77500, M\u00e9xico, bem como suas subsidi\u00e1rias, afiliadas ou o mesmo grupo empresarial (doravante \u201c<b>SELVATICA\u201d<\/b>) \u00e9 a empresa respons\u00e1vel pelo uso e prote\u00e7\u00e3o de seus dados pessoais e, a este respeito , informa a\u00a0<b>PROPRIET\u00c1RIA<\/b>\u00a0sobre suas pol\u00edticas para o processamento de dados pessoais e medidas de seguran\u00e7a de acordo com as disposi\u00e7\u00f5es deste aviso.<\/li><li><b>OBJETIVO DO AVISO<\/b>: Este aviso de privacidade tem como objetivo informar a qualquer pessoa que forne\u00e7a suas informa\u00e7\u00f5es \u00e0\u00a0<b>SELVATICA<\/b>(doravante \u201c<b>O TITULAR<\/b>\u201c), sobre as pol\u00edticas seguidas pela\u00a0<b>SELVATICA<\/b>para coleta de dados pessoais, realizar um tratamento correto para os fins principais e secund\u00e1rios definidos adiante, as medidas de cuidado que toma para manter a confidencialidade de seus dados pessoais e os mecanismos que p\u00f5e \u00e0 sua disposi\u00e7\u00e3o para atender as d\u00favidas relacionadas aos seus direitos de acesso, retifica\u00e7\u00e3o, cancelamento e oposi\u00e7\u00e3o (conhecidos como \u201c<b>direitos ARCO<\/b>\u201c).<\/li><\/ol><p><b>\u00a0III. FORMA DE DISPOSI\u00c7\u00c3O DO AVISO:<\/b>\u00a0A exibi\u00e7\u00e3o deste aviso ao\u00a0<b>TITULAR<\/b>\u00a0poder\u00e1 ser feita por meio impresso, digital ou telef\u00f4nico, mas sempre antes da coleta de seus dados pessoais. Este aviso de privacidade estar\u00e1 sempre dispon\u00edvel na \u00edntegra no site<a href=\"https:\/\/www.selvatica.com.mx\/\">\u00a0selvatica.com.mx<\/a>.<\/p><ol><li><b>DADOS PESSOAIS QUE SER\u00c3O COLETADOS<\/b>: Os dados pessoais que coletamos s\u00e3o os seguintes: nome, nacionalidade, data de nascimento, endere\u00e7o, cidade e pa\u00eds de resid\u00eancia, n\u00famero (s) de telefone, e-mail (e-mail), fotografia, ocupa\u00e7\u00e3o e empresa para os quais voc\u00ea trabalha, nomes em redes sociais (Facebook, Twitter, Instagram, Snapchat e qualquer outra rede social atual ou futura) e as informa\u00e7\u00f5es banc\u00e1rias de seus cart\u00f5es de d\u00e9bito ou cr\u00e9dito, ou outras formas de pagamento como PAYPAL, que tenham sido utilizadas pela\u00a0<b>EL TITULAR<\/b>\u00a0para a contrata\u00e7\u00e3o dos produtos ou servi\u00e7os oferecidos pela\u00a0<b>SELVATICA<\/b>.<\/li><\/ol><p>No caso de\u00a0<b>O TITULAR<\/b>\u00a0acessar o site<a href=\"https:\/\/www.selvatica.com.mx\/\">\u00a0www.selvatica.com.mx<\/a>\u00a0ou nos perfis da\u00a0<b>SELVATICA\u00a0<\/b>nas redes sociais (Facebook, Twitter, Instagram, Snapchat e qualquer outra rede social atual ou futura) tamb\u00e9m ser\u00e3o recolhidos os seguintes dados. : Endere\u00e7o IP, tipo de navegador da Internet, prefer\u00eancias de navega\u00e7\u00e3o em nosso site da Internet, p\u00e1ginas da Internet que voc\u00ea visita. Em caso de n\u00e3o concord\u00e2ncia com o anterior,\u00a0<b>O TITULAR<\/b>\u00a0poder\u00e1 desabilitar cookies e web beacons de acordo com o disposto no par\u00e1grafo\u00a0<b>IX.\u00a0<\/b>denominado \u201c<b>IX. USO DE COOKIES E WEB BEACONS\u201d<\/b>.<\/p><p>A protec\u00e7\u00e3o da privacidade dos dados pessoais de menores \u00e9 especialmente importante para a\u00a0<b>SELVATICA<\/b>, pelo que, assim que tivermos conhecimento dos dados pessoais de menores, o seu tratamento ser\u00e1 efectuado respeitando sempre as orienta\u00e7\u00f5es e requisitos estabelecidos no a Lei e seus Regulamentos.\u00a0<b>A SELVATICA<\/b>\u00a0s\u00f3 permitir\u00e1 a compra dos seus produtos ou servi\u00e7os a menores quando estes forem efetuados pelos pais ou encarregados de educa\u00e7\u00e3o, conforme o caso, os quais dever\u00e3o dar o seu consentimento para o tratamento dos dados pessoais.<\/p><ol><li><b>OBJETIVOS DO USO DOS SEUS DADOS PESSOAIS:<\/b>\u00a0Os dados pessoais coletados ser\u00e3o usados \u200b\u200bapenas para os fins descritos abaixo:<\/li><li><b>OBJETIVOS PRINCIPAIS:<\/b>\u00a0Os dados pessoais que coletamos de voc\u00ea ser\u00e3o usados \u200b\u200bpara atividades que s\u00e3o necess\u00e1rias para os servi\u00e7os que\u00a0<b>O HOLDER<\/b>\u00a0solicita, tais como:<\/li><li>a) A gest\u00e3o de reservas, compras de produtos ou servi\u00e7os, a cota\u00e7\u00e3o de eventos e em geral o atendimento ao cliente.<\/li><li>b) A identifica\u00e7\u00e3o e acesso do\u00a0<b>TITULAR<\/b>\u00a0\u00e0s instala\u00e7\u00f5es da\u00a0<b>SELVATICA\u00a0<\/b>onde os servi\u00e7os s\u00e3o prestados.<\/li><li>c) A presta\u00e7\u00e3o de atendimento ao cliente, atrav\u00e9s de chats, email, telefone ou outros meios.<\/li><li>d) A recolha, utiliza\u00e7\u00e3o, gest\u00e3o, armazenamento e desenvolvimento de uma base de dados de clientes e pessoas relacionadas com a\u00a0<b>SELVATICA<\/b>, bem como as actividades destinadas \u00e0 manuten\u00e7\u00e3o e actualiza\u00e7\u00e3o da base de dados, o que permite oferecer um melhor servi\u00e7o.<\/li><li>e) A cobran\u00e7a e cobran\u00e7a dos produtos e servi\u00e7os oferecidos pela\u00a0<b>SELVATICA<\/b>.<\/li><li>f) Avaliar a qualidade dos produtos e servi\u00e7os oferecidos pela\u00a0<b>SELVATICA<\/b>.<\/li><li>g) O cumprimento das obriga\u00e7\u00f5es que a\u00a0<b>SELVATICA<\/b>tenha contra\u00eddo com o\u00a0<b>TITULAR<\/b>.<\/li><li><b>FINS SECUND\u00c1RIOS:<\/b><\/li><li>a) Realiza\u00e7\u00e3o de concursos, eventos promocionais, rifas, rifas e todo tipo de atividades promocionais organizadas pela\u00a0<b>SELVATICA<\/b>.<\/li><li>b) O envio de comunica\u00e7\u00f5es promocionais relacionadas a qualquer produto ou servi\u00e7o dispon\u00edvel no site<a href=\"https:\/\/www.selvatica.com.mx\/\">\u00a0com.mx<\/a>\u00a0ou os perfis da\u00a0<b>SELVATICA\u00a0<\/b>nas redes sociais (Facebook, Twitter, Instagram, Snapchat e qualquer outra rede social atual ou futura).<\/li><li>c) O envio de comunica\u00e7\u00f5es promocionais sobre as atividades especiais organizadas pela\u00a0<b>SELVATICA<\/b>.<\/li><li>d) Conhecer os interesses dos usu\u00e1rios e oferecer melhorias em produtos e servi\u00e7os.<\/li><li>e) Para melhorar a experi\u00eancia do usu\u00e1rio no site<a href=\"https:\/\/www.selvatica.com.mx\/\">\u00a0com.mx<\/a>\u00a0e nos perfis das redes sociais.<\/li><\/ol><p>Caso\u00a0<b>O TITULAR<\/b>\u00a0declare que n\u00e3o concorda com a utiliza\u00e7\u00e3o dos seus dados pessoais para qualquer ou alguns dos fins secund\u00e1rios, dever\u00e1 declar\u00e1-lo no momento de dar o seu consentimento. A recusa de utiliza\u00e7\u00e3o dos fins secund\u00e1rios n\u00e3o ser\u00e1 motivo para nega\u00e7\u00e3o da presta\u00e7\u00e3o dos servi\u00e7os e produtos oferecidos pela\u00a0<b>SELVATICA<\/b>.<\/p><ol><li><b>PER\u00cdODO DE CONVERSA\u00c7\u00c3O:<\/b>\u00a0Devido \u00e0 natureza dos servi\u00e7os oferecidos pela\u00a0<b>SELVATICA<\/b>, os dados pessoais ser\u00e3o mantidos at\u00e9 a data em que\u00a0<b>O TITULAR<\/b>\u00a0solicitar o cancelamento dos mesmos ou que, a\u00a0<b>SELVATICA<\/b>, como parte da atualiza\u00e7\u00e3o de sua base de dados, considere que referido as informa\u00e7\u00f5es devem ser apuradas para n\u00e3o serem mais necess\u00e1rias para o cumprimento dos objetivos estabelecidos neste edital.<\/li><\/ol><p><b>VII. TRANSFER\u00caNCIA DE DADOS PESSOAIS A TERCEIROS:<\/b>\u00a0Os dados pessoais recolhidos n\u00e3o ser\u00e3o vendidos, vendidos, transferidos ou transferidos de qualquer forma com fins lucrativos a terceiros.<\/p><p>As transfer\u00eancias feitas pelafeitas\u00a0<b>SELVATICA\u00a0<\/b>dos seus dados pessoais s\u00f3 ser\u00e3ocom o seu consentimento pr\u00e9vio ou, sem necessidade de consentimento, nos casos permitidos por\u00a0<i>lei<\/i>, como \u00e9 o caso das transfer\u00eancias de dados para empresas subsidi\u00e1rias, afiliadas ou mesmo grupo. da\u00a0<b>SELVATICA\u00a0<\/b>ou quando necess\u00e1rio para cumprir suas obriga\u00e7\u00f5es legais, tais como transfer\u00eancias para autoridades mexicanas e estrangeiras para cumprir obriga\u00e7\u00f5es derivadas de leis ou tratados internacionais. Caso\u00a0<b>SELVATICAcollected<\/b>\u00a0fa\u00e7a alguma transfer\u00eancia adicional que requeira seu consentimento expresso, ela o ser\u00e1 previamente.<\/p><p><b>VIII. P\u00c1GINAS OU LINKS DE TERCEIROS:<\/b>\u00a0O\u00a0<b>TITULAR<\/b>\u00e9 informado que qualquer link ao qual acesse que n\u00e3o seja a p\u00e1gina<a href=\"https:\/\/www.selvatica.com.mx\/\">\u00a0selvatica.com.mx<\/a>, \u00e9\u00e0\u00a0<b>alheiaSELVATICA<\/b>, pelo que\u00a0<b>O TITULAR<\/b>\u00a0assume a sua responsabilidade absoluta de rever as pol\u00edticas e condi\u00e7\u00f5es de tratamento de dados e confidencialidade do link em quest\u00e3o, referindo mas n\u00e3o se limitando a: portais de pagamento, p\u00e1ginas de terceiros relacionadas com os servi\u00e7os oferecidos pela\u00a0<b>SELVATICA<\/b>, publicidade externa, bem como qualquer outra janela ou link diferente da p\u00e1gina<a href=\"https:\/\/www.selvatica.com.mx\/\">\u00a0www.selvatica.com.mx<\/a>.<\/p><ol><li><b>USO DE COOKIES E WEB BEACONS:<\/b>\u00a0O\u00a0<b>TITULAR\u00a0<\/b>\u00e9 notificado de que o site<a href=\"https:\/\/www.selvatica.com.mx\/\">\u00a0selvatica.com.mx<\/a>\u00a0usa cookies e web beacons. Os cookies s\u00e3o arquivos baixados automaticamente e armazenados no seu computador durante a navega\u00e7\u00e3o em um site da Internet, o que permite ao servidor da Internet lembrar os dados sobre o usu\u00e1rio e suas prefer\u00eancias de navega\u00e7\u00e3o. Web beacons s\u00e3o imagens inseridas em um site da Internet ou e-mail que podem ser usadas para coletar determinados dados e monitorar o comportamento do usu\u00e1rio no site ou armazenar seu endere\u00e7o IP. A utiliza\u00e7\u00e3o de Cookies e \/ ou Web Beacons, visa proporcionar uma melhor experi\u00eancia durante a sua navega\u00e7\u00e3o em diferentes sites, bem como guardar informa\u00e7\u00e3o sobre o seu acesso para melhorar a seguran\u00e7a da sua conta, definir as prefer\u00eancias de conte\u00fado e personalizar as informa\u00e7\u00f5es com base nos interesses de seus usu\u00e1rios ou acompanhamento de suas compras online.<\/li><\/ol><p><b>O PROPRIET\u00c1RIO<\/b>\u00a0pode desabilitar o uso de cookies e web beacons atrav\u00e9s do bot\u00e3o \u201cajuda\u201d encontrado na barra de ferramentas da maioria dos navegadores, ele ir\u00e1 lhe dizer como evitar a aceita\u00e7\u00e3o de novos cookies, como fazer o navegador notific\u00e1-lo quando receber um novo cookie ou como para desativar todos os cookies.<\/p><ol><li><b>Este processador de dados:<\/b>\u00a0\u00e9 o\u00a0<b>TITULAR<\/b>\u00a0que a\u00a0<b>SELVATICA\u00a0<\/b>possui um departamento para tratar das consultas relacionadas com a utiliza\u00e7\u00e3o e tratamento de dados pessoais e relacionados com o exerc\u00edcio dos seus\u00a0<b>direitos ARCO\u00a0<\/b>O respons\u00e1vel por este departamento \u00e9 o Sr.\u00a0<b>Franco Mart\u00ednez S\u00e1nchez<\/b>, a quem voc\u00ea pode encaminhar suas perguntas por escrito para o seguinte endere\u00e7o:\u00a0<b>Blvd. Kukulcan Km. 25 Hotel Zone, Canc\u00fan, Quintana Roo. CP. 77500, M\u00e9xico<\/b>, ou por e-mail para o seguinte endere\u00e7o:\u00a0<b>arco@selvatica.com.mx<\/b><\/li><li><b>EXERC\u00cdCIO DOS DIREITOS ARCO:<\/b>\u00a0O\u00a0<b>TITULAR<\/b>\u00a0\u00e9 informado que, em conformidade com o disposto na Lei e no seu Regulamento, tem os seguintes direitos:<\/li><li><b>a) Acesso:<\/b>\u00a0Tem direito a solicitar \u00e0\u00a0<b>SELVATICA<\/b>um relat\u00f3rio sobre os dados pessoais recolhidos, o tratamento dado e as condi\u00e7\u00f5es de uso. No exerc\u00edcio deste direito, voc\u00ea pode solicitar uma c\u00f3pia eletr\u00f4nica das referidas informa\u00e7\u00f5es.<\/li><li><b>b) Retifica\u00e7\u00e3o: Voc\u00ea<\/b>\u00a0tem o direito de solicitar \u00e0\u00a0<b>SELVATICA a<\/b>\u00a0corre\u00e7\u00e3o de seus dados pessoais se estiverem desatualizados, inexatos ou incompletos.<\/li><li><b>c) Cancelamento: Tem<\/b>\u00a0o direito de solicitar que os seus dados pessoais sejam apagados dos registos ou bases de dados da\u00a0<b>SELVATICA<\/b>quando n\u00e3o estiverem a ser utilizados para os fins para os quais foram recolhidos ou quando o seu tratamento n\u00e3o cumprir os princ\u00edpios, deveres e obriga\u00e7\u00f5es estabelecidas no normativo.<\/li><li><b>d) Oposi\u00e7\u00e3o: Voc\u00ea<\/b>\u00a0tem o direito de solicitar \u00e0\u00a0<b>SELVATICA que<\/b>n\u00e3o use (ou deixe de usar) seus dados pessoais para fins espec\u00edficos.<\/li><\/ol><p>Para exercer esses direitos,\u00a0<b>o titular<\/b>\u00a0deve apresentar,\u00a0<b>pessoalmente<\/b>\u00a0ou atrav\u00e9s de um representante legal com poderes espec\u00edficos, um pedido por escrito ou e-mail dirigida \u00e0\u00a0<b>pessoa encarregados do tratamento de dados<\/b>pessoais,descritos no ponto imediatamente anterior e deve conter as seguintes informa\u00e7\u00f5es:<\/p><ol><li>O nome do\u00a0<b>TITULAR<\/b>\u00a0e endere\u00e7o ou outro meio para comunicar a resposta ao seu pedido;<\/li><li>Os documentos que comprovem sua identidade ou, se for o caso, sua devida representa\u00e7\u00e3o legal;<\/li><\/ol><ul><li>A descri\u00e7\u00e3o clara e precisa dos dados pessoais com rela\u00e7\u00e3o aos quais se busca exercer algum dos direitos acima mencionados;<\/li><\/ul><ol><li>Qualquer outro elemento ou documento que facilite a localiza\u00e7\u00e3o de dados pessoais; e<\/li><li>No caso de pedidos de retifica\u00e7\u00e3o, voc\u00ea deve indicar as modifica\u00e7\u00f5es a serem feitas e fornecer a documenta\u00e7\u00e3o de apoio ao seu pedido.<\/li><\/ol><p>Qualquer solicita\u00e7\u00e3o que n\u00e3o atenda a esses requisitos poder\u00e1 ser rejeitada pela\u00a0<b>SELVATICA\u00a0<\/b>at\u00e9 que seja corrigida.<\/p><p>As inscri\u00e7\u00f5es que atenderem aos requisitos mencionados acima ser\u00e3o atendidas em at\u00e9 20 dias \u00fateis a partir da data de recebimento da inscri\u00e7\u00e3o. Caso o pedido seja procedente, a\u00a0<b>SELVATICA\u00a0<\/b>far\u00e1 com que o seu cumprimento seja cumprido no prazo de 15 dias \u00fateis a contar da data em que comunicou a sua resposta ao\u00a0<b>TITULAR<\/b>. Os termos aqui descritos podem ser duplicados uma vez quando as circunst\u00e2ncias do caso o justificarem.<\/p><p>Caso, por qualquer motivo justificado estabelecido na Lei ou no Regulamento, n\u00e3o seja poss\u00edvel o cumprimento do pedido, a\u00a0<b>SELVATICA\u00a0<\/b>dever\u00e1 comunicar ao\u00a0<b>TITULAR a<\/b>\u00a0sua recusa total ou parcial, informando o motivo da sua decis\u00e3o, acompanhando os respectivos elementos de prova.<\/p><p><b>XII. REVOGA\u00c7\u00c3O DO CONSENTIMENTO PARA A UTILIZA\u00c7\u00c3O DOS SEUS DADOS PESSOAIS:<\/b>\u00a0O\u00a0<b>TITULAR<\/b>\u00e9 informado que poder\u00e1 revogar, total ou parcialmente, o seu consentimento para a utiliza\u00e7\u00e3o dos seus dados pessoais caso considere que os mesmos s\u00e3o utilizados para fins diversos daqueles que foram coletados. Para tal, dever\u00e1 submeter a candidatura de acordo com os requisitos, o procedimento e os prazos estabelecidos no n\u00famero denominado \u201c<b>ARCO DIREITOS EXERC\u00cdCIOS\u201d<\/b>.<\/p><p>O cancelamento dos dados pessoais resultar\u00e1 em um per\u00edodo de bloqueio ap\u00f3s o qual os dados ser\u00e3o exclu\u00eddos.\u00a0<b>A SELVATICAcumprimento\u00a0<\/b>pode guardar dados pessoais exclusivamente para odas responsabilidades decorrentes do tratamento. O per\u00edodo de bloqueio ser\u00e1 equivalente ao prazo de prescri\u00e7\u00e3o das a\u00e7\u00f5es decorrentes da rela\u00e7\u00e3o jur\u00eddica que fundamenta o tratamento nos termos da Lei aplic\u00e1vel \u00e0 mat\u00e9ria. Assim que os dados forem cancelados, o aviso ser\u00e1 dado ao\u00a0<b>TITULAR<\/b>.<\/p><p><b>XIII. CUMPRIMENTO DAS DISPOSI\u00c7\u00d5ES DO RGPD DA UNI\u00c3O EUROPEIA:<\/b>\u00a0Caso\u00a0<b>O TITULAR<\/b>\u00a0seja nacional ou residente da Uni\u00e3o Europeia, \u00e9 informado que a\u00a0<b>SELVATICA<\/b>, em cumprimento das disposi\u00e7\u00f5es estabelecidas pelo RGPD, tomou diversas medidas de protec\u00e7\u00e3o dos seus dados pessoais, mencionando entre eles:<\/p><ol><li><b>O reconhecimento de direitos adicionais:<\/b>\u00a0De acordo com o disposto no RGPD, a\u00a0<b>SELVATICA\u00a0<\/b>reconhece os seguintes direitos do\u00a0<b>TITULAR<\/b>:<\/li><li><b>Direito \u00e0 limita\u00e7\u00e3o do tratamento:<\/b>\u00a0\u00c9 direito do\u00a0<b>TITULAR<\/b>\u00a0obter a\u00a0<b>SELVATICA\u00a0<\/b>a limita\u00e7\u00e3o do tratamento dos seus dados nos seguintes casos:<\/li><\/ol><ul><li>Quando a exactid\u00e3o dos dados pessoais for contestada, durante um prazo que permita verificar a sua exactid\u00e3o;<\/li><li>Quando o seu tratamento \u00e9 il\u00edcito e\u00a0<b>O TITULAR<\/b>\u00a0se op\u00f5e \u00e0 elimina\u00e7\u00e3o e solicita a limita\u00e7\u00e3o do seu uso;<\/li><li>Quando a\u00a0<b>SELVATICA\u00a0<\/b>j\u00e1 n\u00e3o necessita de dados pessoais para efeitos de tratamento, mas\u00a0<b>O TITULAR<\/b>\u00a0necessita deles para formular ou exercer os seus direitos.<\/li><li>Quando\u00a0<b>O TITULAR<\/b>\u00a0se opuser ao seu tratamento, enquanto se verifica se as raz\u00f5es leg\u00edtimas da\u00a0<b>SELVATICA\u00a0\u00a0<\/b>prevalecem sobre as do\u00a0<b>TITULAR<\/b>.<\/li><\/ul><p>Nestes casos, a\u00a0<b>SELVATICA\u00a0<\/b>s\u00f3 pode prosseguir o tratamento dos dados pessoais com o consentimento do\u00a0<b>TITULAR<\/b>\u00a0ou em alguma das excep\u00e7\u00f5es previstas na Lei, no Regulamento ou no RGPD.<\/p><ol><li><b>Direito \u00e0 portabilidade dos dados:<\/b>\u00a0\u00c9 o direito de receber os dados pessoais que lhe dizem respeito, que foram fornecidos \u00e0\u00a0<b>SELVATICA processados.<\/b>, em formato estruturado, de uso comum e leitura mec\u00e2nica, e para transmiti-los a outro controlador de dados quando o tratamento for afetado por meios automatizados.<\/li><\/ol><p><b>iii. Direito a decis\u00f5es individuais automatizadas:<\/b>\u00a0\u00c9 o direito de n\u00e3o ser objeto de uma decis\u00e3o baseada unicamente no tratamento automatizado, incluindo a elabora\u00e7\u00e3o de perfis, que lhe produza efeitos jur\u00eddicos ou que o afete significativamente de forma semelhante, a menos que seja necess\u00e1rio pela presta\u00e7\u00e3o dos servi\u00e7os que a\u00a0<b>SELVATICA\u00a0<\/b>lhe oferece.<\/p><p>Os direitos aqui referidos poder\u00e3o ser exercidos, quando aplic\u00e1vel, de acordo com os requisitos, procedimento e prazos estabelecidos no inciso\u00a0<b>XI.\u00a0<\/b>denominado \u201c<b>ARCO RIGHTS EXERCISE\u201d<\/b>.<\/p><ol><li><b>b) Registo das actividades de processamento de dados:<\/b>\u00a0Nos termos do RGPD, a\u00a0<b>SELVATICA\u00a0<\/b>obriga-se a celebrar contrato com o respons\u00e1vel pelo processamento, indicado no n\u00famero denominado \u201c<b>GESTOR DE PROCESSAMENTO DE DADOS\u201d<\/b>, que ter\u00e1 por obriga\u00e7\u00e3o manter um registro das atividades de tratamento realizadas sob sua responsabilidade conforme estabelecido pelo RGPD.<\/li><\/ol><p><b>XIV. AUTORIDADE DE CONTROLE: Fica<\/b>\u00a0o\u00a0<b>TITULAR\u00a0<\/b>informado que, para o atendimento de qualquer reclama\u00e7\u00e3o ou reclama\u00e7\u00e3o relacionada a este edital, que n\u00e3o tenha sido devidamente atendida pela\u00a0<b>SELVATICA\u00a0<\/b>nos prazos e formas previstos neste edital, voc\u00ea poder\u00e1 dirigir-se ao Instituto Nacional de Transpar\u00eancia , Acesso \u00e0 Informa\u00e7\u00e3o e Prote\u00e7\u00e3o de Dados Pessoais (por sua sigla \u201c<b>INAI<\/b>\u201c). As consultas a esta autoridade podem ser direccionadas para o telefone 018008354324, para o e-mail\u00a0atencion@inai.org.mx\u00a0ou por escrito para o endere\u00e7o localizado no endere\u00e7o: Av. Insurgentes Sur, # 3211, T\u00e9rreo, Insurgentes Cuicuilco, Delegaci\u00f3n Coyoac\u00e1n, CP 04530, Cidade do M\u00e9xico.<\/p><ol><li><b>MEDIDAS DE SEGURAN\u00c7A:<\/b>\u00a0O\u00a0<b>TITULAR<\/b>\u00a0\u00e9 informado de que a\u00a0<b>SELVATICA\u00a0<\/b>tomar\u00e1 medidas de seguran\u00e7a organizacional e t\u00e9cnica razo\u00e1veis \u200b\u200bpara evitar a perda, uso indevido, altera\u00e7\u00e3o ou divulga\u00e7\u00e3o ilegal de suas informa\u00e7\u00f5es e dados pessoais, que exigimos que sejam cumpridas pelos prestadores de servi\u00e7os que contrata, incluindo servi\u00e7os fornecidos por subsidi\u00e1rias, afiliadas ou o mesmo grupo empresarial da\u00a0<b>SELVATICA<\/b>.<\/li><\/ol><p>Entre as medidas de seguran\u00e7a que a\u00a0<b>SELVATICA\u00a0<\/b>pode tomar para o cuidado dos seus dados pessoais est\u00e3o as seguintes:<\/p><p>&gt; a) Restringir o acesso do seu pessoal \u00e0s bases de dados f\u00edsicas ou digitais onde s\u00e3o registados os dados pessoais recolhidos.<\/p><ol><li>b) O uso de chaves, senhas e a criptografia de documentos para arquivos f\u00edsicos e digitais onde s\u00e3o armazenados os dados pessoais.<\/li><li>c) O uso de antiv\u00edrus e firewalls para prevenir o acesso n\u00e3o autorizado de hackers.<\/li><li>d) Qualquer outra medida de seguran\u00e7a que considere pertinente.<\/li><\/ol><p>Em caso de viola\u00e7\u00e3o das medidas de seguran\u00e7a, a\u00a0<b>SELVATICA\u00a0<\/b>compromete-se a tomar as medidas necess\u00e1rias para avaliar o impacto da viola\u00e7\u00e3o e a tomar as medidas necess\u00e1rias para compensar os danos causados \u200b\u200bao seu sistema de seguran\u00e7a. No seu caso, a\u00a0<b>SELVATICA<\/b>deve notificar\u00a0<b>O TITULAR<\/b>\u00a0quando considerar que a infra\u00e7\u00e3o pode lhe causar dano.<\/p><p><b>XVI. MODIFICA\u00c7\u00d5ES AO AVISO DE PRIVACIDADE:<\/b>\u00a0Caso por qualquer motivo a\u00a0<b>SELVATICA venha<\/b>\u00a0a fazer qualquer altera\u00e7\u00e3o ou modifica\u00e7\u00e3o neste Aviso de Privacidade, essas altera\u00e7\u00f5es ser\u00e3o anunciadas no site<a href=\"https:\/\/www.selvatica.com.mx\/\">\u00a0selvatica.com.mx<\/a>\u00a0onde podem ser consultadas atualiza\u00e7\u00f5es, altera\u00e7\u00f5es ou modifica\u00e7\u00f5es sofridas por este aviso para cumprir os requisitos legais, para oferecer novos produtos ou servi\u00e7os, para melhorar novas pol\u00edticas de privacidade ou por qualquer outra causa que se fa\u00e7a necess\u00e1ria.<\/p><p><b>\u00a0XVII. CONSENTIMENTO:<\/b>\u00a0Voc\u00ea expressa seu consentimento para o tratamento de seus dados pessoais de acordo com os termos e condi\u00e7\u00f5es deste Aviso de Privacidade, exceto para as reservas expressamente declaradas.<\/p><p><b>Data da \u00faltima atualiza\u00e7\u00e3o deste Aviso de Privacidade:<\/b>\u00a0agosto \/ 2018.<\/p>\t\t\t\t\t\t\t\t<\/div>\n\t\t\t\t<\/div>\n\t\t\t\t\t<\/div>\n\t\t<\/div>\n\t\t\t\t\t<\/div>\n\t\t<\/section>\n\t\t\t\t<\/div>\n\t\t","protected":false},"excerpt":{"rendered":"<p>Aviso de privacidade Este Aviso de Privacidade \u00e9 emitido em conformidade com as disposi\u00e7\u00f5es da Lei Federal sobre Prote\u00e7\u00e3o de Dados Pessoais Detidos por Partes Privadas (doravante a&nbsp;\u201cLei\u201c), seus regulamentos (os \u201cRegulamentos\u201c) e os Regulamentos (UE) 2016\/679 do Parlamento Europeu e do Conselho, de 27 de abril de 2016 (conhecido como \u201cRGPD\u201c) RESPONS\u00c1VEL:&nbsp;A empresa&nbsp;RESERVA BENGALA [&#8230;]<\/p>\n<p><a class=\"btn btn-secondary understrap-read-more-link\" href=\"https:\/\/www.selvatica.com.mx\/pt-br\/aviso-de-privacidade\/\">Leia mais&#8230;<\/a><\/p>\n","protected":false},"author":10,"featured_media":0,"parent":0,"menu_order":0,"comment_status":"closed","ping_status":"closed","template":"","meta":{"_acf_changed":false,"footnotes":""},"class_list":["post-4168","page","type-page","status-publish","hentry"],"acf":[],"_links":{"self":[{"href":"https:\/\/www.selvatica.com.mx\/pt-br\/wp-json\/wp\/v2\/pages\/4168","targetHints":{"allow":["GET"]}}],"collection":[{"href":"https:\/\/www.selvatica.com.mx\/pt-br\/wp-json\/wp\/v2\/pages"}],"about":[{"href":"https:\/\/www.selvatica.com.mx\/pt-br\/wp-json\/wp\/v2\/types\/page"}],"author":[{"embeddable":true,"href":"https:\/\/www.selvatica.com.mx\/pt-br\/wp-json\/wp\/v2\/users\/10"}],"replies":[{"embeddable":true,"href":"https:\/\/www.selvatica.com.mx\/pt-br\/wp-json\/wp\/v2\/comments?post=4168"}],"version-history":[{"count":1,"href":"https:\/\/www.selvatica.com.mx\/pt-br\/wp-json\/wp\/v2\/pages\/4168\/revisions"}],"predecessor-version":[{"id":18029,"href":"https:\/\/www.selvatica.com.mx\/pt-br\/wp-json\/wp\/v2\/pages\/4168\/revisions\/18029"}],"wp:attachment":[{"href":"https:\/\/www.selvatica.com.mx\/pt-br\/wp-json\/wp\/v2\/media?parent=4168"}],"curies":[{"name":"wp","href":"https:\/\/api.w.org\/{rel}","templated":true}]}}